{"id":62464,"date":"2024-08-06T15:23:33","date_gmt":"2024-08-06T13:23:33","guid":{"rendered":"https:\/\/sophia4africa.eu\/events\/sophia-au-chillventa-2024-une-rencontre-de-premier-plan-pour-les-professionnels-de-la-refrigeration\/"},"modified":"2024-09-12T10:26:52","modified_gmt":"2024-09-12T08:26:52","slug":"sophia-au-chillventa-2024-une-rencontre-de-premier-plan-pour-les-professionnels-de-la-refrigeration","status":"publish","type":"mec-events","link":"https:\/\/sophia4africa.eu\/fr\/events\/sophia-au-chillventa-2024-une-rencontre-de-premier-plan-pour-les-professionnels-de-la-refrigeration\/","title":{"rendered":"SophiA \u00e0 Chillventa 2024 &#8211; Une rencontre de premier plan pour les professionnels de la r\u00e9frig\u00e9ration"},"content":{"rendered":"<h3 style=\"text-align: justify;\"><span style=\"font-family: arial, helvetica, sans-serif;\">Nous sommes ravis d&rsquo;annoncer que SophiA aura sa place \u00e0 Chillventa 2024, le plus grand salon mondial de la technologie de la r\u00e9frig\u00e9ration.<\/span><\/h3>\n<p style=\"text-align: justify;\"><span style=\"font-family: arial, helvetica, sans-serif;\">Du 8 au 10 octobre 2024, rejoignez-nous pour cet \u00e9v\u00e8nement remarquable en direct et en personne sur le stand partag\u00e9 avec DKV stadlander (<strong>stand 9.317<\/strong>). Il s&rsquo;agit d&rsquo;une occasion unique d&rsquo;\u00e9changer des id\u00e9es avec des professionnels et des experts internationaux dans le domaine. <\/span><\/p>\n<p><span style=\"font-family: arial, helvetica, sans-serif;\">Profitez de cette occasion pour rendre visite \u00e0 <strong>INWIC au stand 9.125 dans le hall 9<\/strong> pour en savoir plus sur la fa\u00e7on dont vous pouvez rejoindre INWIC et comment soutenir leurs \u00e9v\u00e9nements. Cliquez <a href=\"https:\/\/www.inwic.org\/event\/chillventa-the-worlds-leading-exhibition-for-refrigeration-technology\/\">ici<\/a> pour en savoir plus sur leur stand.  <\/span><\/p>\n<p style=\"text-align: justify;\"><span style=\"font-family: arial, helvetica, sans-serif;\">Chillventa 2024 accueillera des exposants renomm\u00e9s et internationaux qui pr\u00e9senteront les derni\u00e8res innovations et tendances. C&rsquo;est ici une occasion id\u00e9ale de nouer des contacts avec votre communaut\u00e9 et de vous tenir au courant des avanc\u00e9es dans le domaine de la r\u00e9frig\u00e9ration, de la climatisation, de la ventilation et de la technologie des pompes \u00e0 chaleur. <\/span><\/p>\n<p style=\"text-align: justify;\"><span style=\"font-family: arial, helvetica, sans-serif;\">L&rsquo;\u00e9v\u00e9nement comprend un programme d&rsquo;accompagnement de grande qualit\u00e9, et notamment le Chillventa CONGRESS, se tenant la veille du salon et offrant une vue d&rsquo;ensemble sur le secteur de la r\u00e9frig\u00e9ration. Cette orientation et cette sp\u00e9cialisation font de Chillventa un \u00e9v\u00e8nement de premier plan sur la sc\u00e8ne internationale. <\/span><\/p>\n<p style=\"text-align: justify;\"><span style=\"font-family: arial, helvetica, sans-serif;\">En outre, Chillventa Connecting Experts r\u00e9unira des sp\u00e9cialistes du monde entier, faisant de cet \u00e9v\u00e8nement Chillventa une plaque tournante pour les r\u00e9seaux internationaux.<\/span><\/p>\n<p style=\"text-align: justify;\"><span style=\"font-family: arial, helvetica, sans-serif;\">R\u00e9servez votre billet d\u00e8s maintenant sur le site officiel de Chillventa : <a href=\"https:\/\/www.chillventa.de\/en\">https:\/\/www.chillventa.de\/en<\/a><\/span><\/p>\n<p style=\"text-align: justify;\"><span style=\"font-family: arial, helvetica, sans-serif;\">Restez attentifs pour de plus amples informations et rejoignez-nous pour ce qui promet d&rsquo;\u00eatre un \u00e9v\u00e8nement instructif et inspirant !<\/span><\/p>\n","protected":false},"excerpt":{"rendered":"<p>Nous sommes ravis d&rsquo;annoncer que SophiA aura sa place \u00e0 Chillventa 2024, le plus grand salon mondial de la technologie de la r\u00e9frig\u00e9ration. Du 8 au 10 octobre 2024, rejoignez-nous pour cet \u00e9v\u00e8nement remarquable en direct et en personne sur le stand partag\u00e9 avec DKV stadlander (stand 9.317). Il s&rsquo;agit d&rsquo;une occasion unique d&rsquo;\u00e9changer des&hellip;<\/p>\n","protected":false},"author":7,"featured_media":62417,"comment_status":"open","ping_status":"closed","template":"","tags":[667,574,588],"mec_category":[],"class_list":["post-62464","mec-events","type-mec-events","status-publish","has-post-thumbnail","hentry","tag-international-fr","tag-refrigeration-fr","tag-rencontre","description-off"],"yoast_head":"<!-- This site is optimized with the Yoast SEO plugin v27.3 - https:\/\/yoast.com\/product\/yoast-seo-wordpress\/ -->\n<title>SophiA \u00e0 Chillventa 2024 - Une rencontre de premier plan pour les professionnels de la r\u00e9frig\u00e9ration - SophiA 4 Africa<\/title>\n<meta name=\"description\" content=\"Nous sommes ravis de vous annoncer que SophiA aura sa place \u00e0 Chillventa 2024, le premier salon mondial des technologies de la r\u00e9frig\u00e9ration. R\u00e9servez vos places du 8 au 10 octobre 2024 pour assister \u00e0 cet \u00e9v\u00e9nement novateur.\" \/>\n<meta name=\"robots\" content=\"index, follow, max-snippet:-1, max-image-preview:large, max-video-preview:-1\" \/>\n<link rel=\"canonical\" href=\"https:\/\/sophia4africa.eu\/fr\/events\/sophia-au-chillventa-2024-une-rencontre-de-premier-plan-pour-les-professionnels-de-la-refrigeration\/\" \/>\n<meta property=\"og:locale\" content=\"fr_FR\" \/>\n<meta property=\"og:type\" content=\"article\" \/>\n<meta property=\"og:title\" content=\"SophiA \u00e0 Chillventa 2024 - Une rencontre de premier plan pour les professionnels de la r\u00e9frig\u00e9ration - SophiA 4 Africa\" \/>\n<meta property=\"og:description\" content=\"Nous sommes ravis de vous annoncer que SophiA aura sa place \u00e0 Chillventa 2024, le premier salon mondial des technologies de la r\u00e9frig\u00e9ration. R\u00e9servez vos places du 8 au 10 octobre 2024 pour assister \u00e0 cet \u00e9v\u00e9nement novateur.\" \/>\n<meta property=\"og:url\" content=\"https:\/\/sophia4africa.eu\/fr\/events\/sophia-au-chillventa-2024-une-rencontre-de-premier-plan-pour-les-professionnels-de-la-refrigeration\/\" \/>\n<meta property=\"og:site_name\" content=\"SophiA 4 Africa\" \/>\n<meta property=\"article:publisher\" content=\"https:\/\/www.facebook.com\/sophiA4Africa\" \/>\n<meta property=\"article:modified_time\" content=\"2024-09-12T08:26:52+00:00\" \/>\n<meta property=\"og:image\" content=\"https:\/\/sophia4africa.eu\/wp-content\/uploads\/2024\/07\/c151.png\" \/>\n\t<meta property=\"og:image:width\" content=\"1200\" \/>\n\t<meta property=\"og:image:height\" content=\"950\" \/>\n\t<meta property=\"og:image:type\" content=\"image\/png\" \/>\n<meta name=\"twitter:card\" content=\"summary_large_image\" \/>\n<meta name=\"twitter:label1\" content=\"Dur\u00e9e de lecture estim\u00e9e\" \/>\n\t<meta name=\"twitter:data1\" content=\"1 minute\" \/>\n<script type=\"application\/ld+json\" class=\"yoast-schema-graph\">{\"@context\":\"https:\\\/\\\/schema.org\",\"@graph\":[{\"@type\":\"WebPage\",\"@id\":\"https:\\\/\\\/sophia4africa.eu\\\/fr\\\/events\\\/sophia-au-chillventa-2024-une-rencontre-de-premier-plan-pour-les-professionnels-de-la-refrigeration\\\/\",\"url\":\"https:\\\/\\\/sophia4africa.eu\\\/fr\\\/events\\\/sophia-au-chillventa-2024-une-rencontre-de-premier-plan-pour-les-professionnels-de-la-refrigeration\\\/\",\"name\":\"SophiA \u00e0 Chillventa 2024 - Une rencontre de premier plan pour les professionnels de la r\u00e9frig\u00e9ration - SophiA 4 Africa\",\"isPartOf\":{\"@id\":\"https:\\\/\\\/sophia4africa.eu\\\/fr\\\/#website\"},\"primaryImageOfPage\":{\"@id\":\"https:\\\/\\\/sophia4africa.eu\\\/fr\\\/events\\\/sophia-au-chillventa-2024-une-rencontre-de-premier-plan-pour-les-professionnels-de-la-refrigeration\\\/#primaryimage\"},\"image\":{\"@id\":\"https:\\\/\\\/sophia4africa.eu\\\/fr\\\/events\\\/sophia-au-chillventa-2024-une-rencontre-de-premier-plan-pour-les-professionnels-de-la-refrigeration\\\/#primaryimage\"},\"thumbnailUrl\":\"https:\\\/\\\/sophia4africa.eu\\\/wp-content\\\/uploads\\\/2024\\\/07\\\/c151.png\",\"datePublished\":\"2024-08-06T13:23:33+00:00\",\"dateModified\":\"2024-09-12T08:26:52+00:00\",\"description\":\"Nous sommes ravis de vous annoncer que SophiA aura sa place \u00e0 Chillventa 2024, le premier salon mondial des technologies de la r\u00e9frig\u00e9ration. R\u00e9servez vos places du 8 au 10 octobre 2024 pour assister \u00e0 cet \u00e9v\u00e9nement novateur.\",\"breadcrumb\":{\"@id\":\"https:\\\/\\\/sophia4africa.eu\\\/fr\\\/events\\\/sophia-au-chillventa-2024-une-rencontre-de-premier-plan-pour-les-professionnels-de-la-refrigeration\\\/#breadcrumb\"},\"inLanguage\":\"fr-FR\",\"potentialAction\":[{\"@type\":\"ReadAction\",\"target\":[\"https:\\\/\\\/sophia4africa.eu\\\/fr\\\/events\\\/sophia-au-chillventa-2024-une-rencontre-de-premier-plan-pour-les-professionnels-de-la-refrigeration\\\/\"]}]},{\"@type\":\"ImageObject\",\"inLanguage\":\"fr-FR\",\"@id\":\"https:\\\/\\\/sophia4africa.eu\\\/fr\\\/events\\\/sophia-au-chillventa-2024-une-rencontre-de-premier-plan-pour-les-professionnels-de-la-refrigeration\\\/#primaryimage\",\"url\":\"https:\\\/\\\/sophia4africa.eu\\\/wp-content\\\/uploads\\\/2024\\\/07\\\/c151.png\",\"contentUrl\":\"https:\\\/\\\/sophia4africa.eu\\\/wp-content\\\/uploads\\\/2024\\\/07\\\/c151.png\",\"width\":1200,\"height\":950},{\"@type\":\"BreadcrumbList\",\"@id\":\"https:\\\/\\\/sophia4africa.eu\\\/fr\\\/events\\\/sophia-au-chillventa-2024-une-rencontre-de-premier-plan-pour-les-professionnels-de-la-refrigeration\\\/#breadcrumb\",\"itemListElement\":[{\"@type\":\"ListItem\",\"position\":1,\"name\":\"Home\",\"item\":\"https:\\\/\\\/sophia4africa.eu\\\/fr\\\/accueil\\\/\"},{\"@type\":\"ListItem\",\"position\":2,\"name\":\"\u00c9venements\",\"item\":\"https:\\\/\\\/sophia4africa.eu\\\/fr\\\/events\\\/\"},{\"@type\":\"ListItem\",\"position\":3,\"name\":\"SophiA \u00e0 Chillventa 2024 &#8211; Une rencontre de premier plan pour les professionnels de la r\u00e9frig\u00e9ration\"}]},{\"@type\":\"WebSite\",\"@id\":\"https:\\\/\\\/sophia4africa.eu\\\/fr\\\/#website\",\"url\":\"https:\\\/\\\/sophia4africa.eu\\\/fr\\\/\",\"name\":\"SophiA 4 Africa\",\"description\":\"\",\"publisher\":{\"@id\":\"https:\\\/\\\/sophia4africa.eu\\\/fr\\\/#organization\"},\"potentialAction\":[{\"@type\":\"SearchAction\",\"target\":{\"@type\":\"EntryPoint\",\"urlTemplate\":\"https:\\\/\\\/sophia4africa.eu\\\/fr\\\/?s={search_term_string}\"},\"query-input\":{\"@type\":\"PropertyValueSpecification\",\"valueRequired\":true,\"valueName\":\"search_term_string\"}}],\"inLanguage\":\"fr-FR\"},{\"@type\":\"Organization\",\"@id\":\"https:\\\/\\\/sophia4africa.eu\\\/fr\\\/#organization\",\"name\":\"SophiA4Africa\",\"url\":\"https:\\\/\\\/sophia4africa.eu\\\/fr\\\/\",\"logo\":{\"@type\":\"ImageObject\",\"inLanguage\":\"fr-FR\",\"@id\":\"https:\\\/\\\/sophia4africa.eu\\\/fr\\\/#\\\/schema\\\/logo\\\/image\\\/\",\"url\":\"https:\\\/\\\/sophia4africa.eu\\\/wp-content\\\/uploads\\\/2022\\\/03\\\/logo-sophia-329x114-1.png\",\"contentUrl\":\"https:\\\/\\\/sophia4africa.eu\\\/wp-content\\\/uploads\\\/2022\\\/03\\\/logo-sophia-329x114-1.png\",\"width\":329,\"height\":114,\"caption\":\"SophiA4Africa\"},\"image\":{\"@id\":\"https:\\\/\\\/sophia4africa.eu\\\/fr\\\/#\\\/schema\\\/logo\\\/image\\\/\"},\"sameAs\":[\"https:\\\/\\\/www.facebook.com\\\/sophiA4Africa\"]}]}<\/script>\n<!-- \/ Yoast SEO plugin. -->","yoast_head_json":{"title":"SophiA \u00e0 Chillventa 2024 - Une rencontre de premier plan pour les professionnels de la r\u00e9frig\u00e9ration - SophiA 4 Africa","description":"Nous sommes ravis de vous annoncer que SophiA aura sa place \u00e0 Chillventa 2024, le premier salon mondial des technologies de la r\u00e9frig\u00e9ration. R\u00e9servez vos places du 8 au 10 octobre 2024 pour assister \u00e0 cet \u00e9v\u00e9nement novateur.","robots":{"index":"index","follow":"follow","max-snippet":"max-snippet:-1","max-image-preview":"max-image-preview:large","max-video-preview":"max-video-preview:-1"},"canonical":"https:\/\/sophia4africa.eu\/fr\/events\/sophia-au-chillventa-2024-une-rencontre-de-premier-plan-pour-les-professionnels-de-la-refrigeration\/","og_locale":"fr_FR","og_type":"article","og_title":"SophiA \u00e0 Chillventa 2024 - Une rencontre de premier plan pour les professionnels de la r\u00e9frig\u00e9ration - SophiA 4 Africa","og_description":"Nous sommes ravis de vous annoncer que SophiA aura sa place \u00e0 Chillventa 2024, le premier salon mondial des technologies de la r\u00e9frig\u00e9ration. R\u00e9servez vos places du 8 au 10 octobre 2024 pour assister \u00e0 cet \u00e9v\u00e9nement novateur.","og_url":"https:\/\/sophia4africa.eu\/fr\/events\/sophia-au-chillventa-2024-une-rencontre-de-premier-plan-pour-les-professionnels-de-la-refrigeration\/","og_site_name":"SophiA 4 Africa","article_publisher":"https:\/\/www.facebook.com\/sophiA4Africa","article_modified_time":"2024-09-12T08:26:52+00:00","og_image":[{"width":1200,"height":950,"url":"https:\/\/sophia4africa.eu\/wp-content\/uploads\/2024\/07\/c151.png","type":"image\/png"}],"twitter_card":"summary_large_image","twitter_misc":{"Dur\u00e9e de lecture estim\u00e9e":"1 minute"},"schema":{"@context":"https:\/\/schema.org","@graph":[{"@type":"WebPage","@id":"https:\/\/sophia4africa.eu\/fr\/events\/sophia-au-chillventa-2024-une-rencontre-de-premier-plan-pour-les-professionnels-de-la-refrigeration\/","url":"https:\/\/sophia4africa.eu\/fr\/events\/sophia-au-chillventa-2024-une-rencontre-de-premier-plan-pour-les-professionnels-de-la-refrigeration\/","name":"SophiA \u00e0 Chillventa 2024 - Une rencontre de premier plan pour les professionnels de la r\u00e9frig\u00e9ration - SophiA 4 Africa","isPartOf":{"@id":"https:\/\/sophia4africa.eu\/fr\/#website"},"primaryImageOfPage":{"@id":"https:\/\/sophia4africa.eu\/fr\/events\/sophia-au-chillventa-2024-une-rencontre-de-premier-plan-pour-les-professionnels-de-la-refrigeration\/#primaryimage"},"image":{"@id":"https:\/\/sophia4africa.eu\/fr\/events\/sophia-au-chillventa-2024-une-rencontre-de-premier-plan-pour-les-professionnels-de-la-refrigeration\/#primaryimage"},"thumbnailUrl":"https:\/\/sophia4africa.eu\/wp-content\/uploads\/2024\/07\/c151.png","datePublished":"2024-08-06T13:23:33+00:00","dateModified":"2024-09-12T08:26:52+00:00","description":"Nous sommes ravis de vous annoncer que SophiA aura sa place \u00e0 Chillventa 2024, le premier salon mondial des technologies de la r\u00e9frig\u00e9ration. R\u00e9servez vos places du 8 au 10 octobre 2024 pour assister \u00e0 cet \u00e9v\u00e9nement novateur.","breadcrumb":{"@id":"https:\/\/sophia4africa.eu\/fr\/events\/sophia-au-chillventa-2024-une-rencontre-de-premier-plan-pour-les-professionnels-de-la-refrigeration\/#breadcrumb"},"inLanguage":"fr-FR","potentialAction":[{"@type":"ReadAction","target":["https:\/\/sophia4africa.eu\/fr\/events\/sophia-au-chillventa-2024-une-rencontre-de-premier-plan-pour-les-professionnels-de-la-refrigeration\/"]}]},{"@type":"ImageObject","inLanguage":"fr-FR","@id":"https:\/\/sophia4africa.eu\/fr\/events\/sophia-au-chillventa-2024-une-rencontre-de-premier-plan-pour-les-professionnels-de-la-refrigeration\/#primaryimage","url":"https:\/\/sophia4africa.eu\/wp-content\/uploads\/2024\/07\/c151.png","contentUrl":"https:\/\/sophia4africa.eu\/wp-content\/uploads\/2024\/07\/c151.png","width":1200,"height":950},{"@type":"BreadcrumbList","@id":"https:\/\/sophia4africa.eu\/fr\/events\/sophia-au-chillventa-2024-une-rencontre-de-premier-plan-pour-les-professionnels-de-la-refrigeration\/#breadcrumb","itemListElement":[{"@type":"ListItem","position":1,"name":"Home","item":"https:\/\/sophia4africa.eu\/fr\/accueil\/"},{"@type":"ListItem","position":2,"name":"\u00c9venements","item":"https:\/\/sophia4africa.eu\/fr\/events\/"},{"@type":"ListItem","position":3,"name":"SophiA \u00e0 Chillventa 2024 &#8211; Une rencontre de premier plan pour les professionnels de la r\u00e9frig\u00e9ration"}]},{"@type":"WebSite","@id":"https:\/\/sophia4africa.eu\/fr\/#website","url":"https:\/\/sophia4africa.eu\/fr\/","name":"SophiA 4 Africa","description":"","publisher":{"@id":"https:\/\/sophia4africa.eu\/fr\/#organization"},"potentialAction":[{"@type":"SearchAction","target":{"@type":"EntryPoint","urlTemplate":"https:\/\/sophia4africa.eu\/fr\/?s={search_term_string}"},"query-input":{"@type":"PropertyValueSpecification","valueRequired":true,"valueName":"search_term_string"}}],"inLanguage":"fr-FR"},{"@type":"Organization","@id":"https:\/\/sophia4africa.eu\/fr\/#organization","name":"SophiA4Africa","url":"https:\/\/sophia4africa.eu\/fr\/","logo":{"@type":"ImageObject","inLanguage":"fr-FR","@id":"https:\/\/sophia4africa.eu\/fr\/#\/schema\/logo\/image\/","url":"https:\/\/sophia4africa.eu\/wp-content\/uploads\/2022\/03\/logo-sophia-329x114-1.png","contentUrl":"https:\/\/sophia4africa.eu\/wp-content\/uploads\/2022\/03\/logo-sophia-329x114-1.png","width":329,"height":114,"caption":"SophiA4Africa"},"image":{"@id":"https:\/\/sophia4africa.eu\/fr\/#\/schema\/logo\/image\/"},"sameAs":["https:\/\/www.facebook.com\/sophiA4Africa"]}]}},"_links":{"self":[{"href":"https:\/\/sophia4africa.eu\/fr\/wp-json\/wp\/v2\/mec-events\/62464","targetHints":{"allow":["GET"]}}],"collection":[{"href":"https:\/\/sophia4africa.eu\/fr\/wp-json\/wp\/v2\/mec-events"}],"about":[{"href":"https:\/\/sophia4africa.eu\/fr\/wp-json\/wp\/v2\/types\/mec-events"}],"author":[{"embeddable":true,"href":"https:\/\/sophia4africa.eu\/fr\/wp-json\/wp\/v2\/users\/7"}],"replies":[{"embeddable":true,"href":"https:\/\/sophia4africa.eu\/fr\/wp-json\/wp\/v2\/comments?post=62464"}],"wp:featuredmedia":[{"embeddable":true,"href":"https:\/\/sophia4africa.eu\/fr\/wp-json\/wp\/v2\/media\/62417"}],"wp:attachment":[{"href":"https:\/\/sophia4africa.eu\/fr\/wp-json\/wp\/v2\/media?parent=62464"}],"wp:term":[{"taxonomy":"post_tag","embeddable":true,"href":"https:\/\/sophia4africa.eu\/fr\/wp-json\/wp\/v2\/tags?post=62464"},{"taxonomy":"mec_category","embeddable":true,"href":"https:\/\/sophia4africa.eu\/fr\/wp-json\/wp\/v2\/mec_category?post=62464"}],"curies":[{"name":"wp","href":"https:\/\/api.w.org\/{rel}","templated":true}]}}