{"id":62303,"date":"2024-06-27T15:11:31","date_gmt":"2024-06-27T13:11:31","guid":{"rendered":"https:\/\/sophia4africa.eu\/?post_type=mec-events&#038;p=62303"},"modified":"2024-08-06T15:51:15","modified_gmt":"2024-08-06T13:51:15","slug":"sophia-au-festival-de-lenergie-et-du-climat-de-karlsruhe","status":"publish","type":"mec-events","link":"https:\/\/sophia4africa.eu\/fr\/events\/sophia-au-festival-de-lenergie-et-du-climat-de-karlsruhe\/","title":{"rendered":"SophiA au festival de l&rsquo;\u00e9nergie et du climat de Karlsruhe"},"content":{"rendered":"<p>Le festival de l&rsquo;\u00e9nergie et du climat, qui s&rsquo;est tenu le 15 juin \u00e0 Karlsruhe, a connu un succ\u00e8s retentissant, attirant des participants d&rsquo;horizons divers qui partagent un engagement en faveur de la durabilit\u00e9 et de l&rsquo;innovation environnementale. L&rsquo;\u00e9v\u00e9nement, connu pour son atmosph\u00e8re dynamique et son approche globale de la sensibilisation au climat, a fourni une excellente plateforme aux organisations pour pr\u00e9senter leurs initiatives.<\/p>\n<p>Parmi les diff\u00e9rents participants, le Steinbeis Europa Zentrum (SEZ) a eu une pr\u00e9sence notable. SEZ a profit\u00e9 de cette occasion pour pr\u00e9senter plusieurs des projets europ\u00e9ens auxquels elle participe, d\u00e9montrant ainsi l&rsquo;ampleur et l&rsquo;impact de son travail dans le domaine de l&rsquo;\u00e9nergie et du climat.<\/p>\n<p>L&rsquo;un des points forts du stand SEZ a \u00e9t\u00e9 la pr\u00e9sentation de SophiA. L&rsquo;\u00e9quipe de SophiA \u00e9tait pr\u00e9sente pour dialoguer avec les visiteurs et leur donner un aper\u00e7u de sa recherche innovante et des changements positifs qu&rsquo;elle vise \u00e0 apporter. Le projet a suscit\u00e9 un vif int\u00e9r\u00eat, touchant environ 120 personnes tout au long de la journ\u00e9e.<\/p>\n<p>Le festival a constitu\u00e9 une exp\u00e9rience enrichissante tant pour les participants que pour les visiteurs, en favorisant une meilleure compr\u00e9hension des d\u00e9fis climatiques actuels et des solutions innovantes pour y faire face. La pr\u00e9sence de la SophiA \u00e0 cet \u00e9v\u00e9nement a mis en \u00e9vidence l&rsquo;importance de la collaboration internationale et de l&rsquo;\u00e9change de connaissances dans la lutte contre les probl\u00e8mes environnementaux mondiaux.<\/p>\n<p>&nbsp;<\/p>\n<p><img loading=\"lazy\" decoding=\"async\" class=\"alignnone size-medium wp-image-62310\" src=\"https:\/\/sophia4africa.eu\/wp-content\/uploads\/2024\/06\/1718896188794-225x300.jpg\" alt=\"\" width=\"225\" height=\"300\" srcset=\"https:\/\/sophia4africa.eu\/wp-content\/uploads\/2024\/06\/1718896188794-225x300.jpg 225w, https:\/\/sophia4africa.eu\/wp-content\/uploads\/2024\/06\/1718896188794-768x1024.jpg 768w, https:\/\/sophia4africa.eu\/wp-content\/uploads\/2024\/06\/1718896188794-300x400.jpg 300w, https:\/\/sophia4africa.eu\/wp-content\/uploads\/2024\/06\/1718896188794.jpg 900w\" sizes=\"auto, (max-width: 225px) 100vw, 225px\" \/><\/p>\n<p><img loading=\"lazy\" decoding=\"async\" class=\"alignnone size-medium wp-image-62307\" src=\"https:\/\/sophia4africa.eu\/wp-content\/uploads\/2024\/06\/1718896187153-300x225.jpg\" alt=\"\" width=\"300\" height=\"225\" srcset=\"https:\/\/sophia4africa.eu\/wp-content\/uploads\/2024\/06\/1718896187153-300x225.jpg 300w, https:\/\/sophia4africa.eu\/wp-content\/uploads\/2024\/06\/1718896187153-1024x768.jpg 1024w, https:\/\/sophia4africa.eu\/wp-content\/uploads\/2024\/06\/1718896187153-768x576.jpg 768w, https:\/\/sophia4africa.eu\/wp-content\/uploads\/2024\/06\/1718896187153.jpg 1200w\" sizes=\"auto, (max-width: 300px) 100vw, 300px\" \/><\/p>\n<p><img loading=\"lazy\" decoding=\"async\" class=\"alignnone size-medium wp-image-62313\" src=\"https:\/\/sophia4africa.eu\/wp-content\/uploads\/2024\/06\/1718896189647-300x225.jpg\" alt=\"\" width=\"300\" height=\"225\" srcset=\"https:\/\/sophia4africa.eu\/wp-content\/uploads\/2024\/06\/1718896189647-300x225.jpg 300w, https:\/\/sophia4africa.eu\/wp-content\/uploads\/2024\/06\/1718896189647-1024x768.jpg 1024w, https:\/\/sophia4africa.eu\/wp-content\/uploads\/2024\/06\/1718896189647-768x576.jpg 768w, https:\/\/sophia4africa.eu\/wp-content\/uploads\/2024\/06\/1718896189647.jpg 1200w\" sizes=\"auto, (max-width: 300px) 100vw, 300px\" \/><\/p>\n<p>&nbsp;<\/p>\n","protected":false},"excerpt":{"rendered":"<p>Le festival de l&rsquo;\u00e9nergie et du climat, qui s&rsquo;est tenu le 15 juin \u00e0 Karlsruhe, a connu un succ\u00e8s retentissant, attirant des participants d&rsquo;horizons divers qui partagent un engagement en faveur de la durabilit\u00e9 et de l&rsquo;innovation environnementale. L&rsquo;\u00e9v\u00e9nement, connu pour son atmosph\u00e8re dynamique et son approche globale de la sensibilisation au climat, a fourni&hellip;<\/p>\n","protected":false},"author":7,"featured_media":62305,"comment_status":"open","ping_status":"closed","template":"","tags":[667,574,588],"mec_category":[],"class_list":["post-62303","mec-events","type-mec-events","status-publish","has-post-thumbnail","hentry","tag-international-fr","tag-refrigeration-fr","tag-rencontre","description-off"],"yoast_head":"<!-- This site is optimized with the Yoast SEO plugin v27.3 - https:\/\/yoast.com\/product\/yoast-seo-wordpress\/ -->\n<title>SophiA au festival de l&#039;\u00e9nergie et du climat de Karlsruhe - SophiA 4 Africa<\/title>\n<meta name=\"description\" content=\"Le festival de l&#039;\u00e9nergie et du climat, qui s&#039;est tenu le 15 juin \u00e0 Karlsruhe, a connu un succ\u00e8s retentissant, attirant des participants d&#039;horizons divers qui partagent un engagement en faveur de la durabilit\u00e9 et de l&#039;innovation environnementale\" \/>\n<meta name=\"robots\" content=\"index, follow, max-snippet:-1, max-image-preview:large, max-video-preview:-1\" \/>\n<link rel=\"canonical\" href=\"https:\/\/sophia4africa.eu\/fr\/events\/sophia-au-festival-de-lenergie-et-du-climat-de-karlsruhe\/\" \/>\n<meta property=\"og:locale\" content=\"fr_FR\" \/>\n<meta property=\"og:type\" content=\"article\" \/>\n<meta property=\"og:title\" content=\"SophiA au festival de l&#039;\u00e9nergie et du climat de Karlsruhe - SophiA 4 Africa\" \/>\n<meta property=\"og:description\" content=\"Le festival de l&#039;\u00e9nergie et du climat, qui s&#039;est tenu le 15 juin \u00e0 Karlsruhe, a connu un succ\u00e8s retentissant, attirant des participants d&#039;horizons divers qui partagent un engagement en faveur de la durabilit\u00e9 et de l&#039;innovation environnementale\" \/>\n<meta property=\"og:url\" content=\"https:\/\/sophia4africa.eu\/fr\/events\/sophia-au-festival-de-lenergie-et-du-climat-de-karlsruhe\/\" \/>\n<meta property=\"og:site_name\" content=\"SophiA 4 Africa\" \/>\n<meta property=\"article:publisher\" content=\"https:\/\/www.facebook.com\/sophiA4Africa\" \/>\n<meta property=\"article:modified_time\" content=\"2024-08-06T13:51:15+00:00\" \/>\n<meta property=\"og:image\" content=\"https:\/\/sophia4africa.eu\/wp-content\/uploads\/2024\/06\/1718896186653.jpg\" \/>\n\t<meta property=\"og:image:width\" content=\"675\" \/>\n\t<meta property=\"og:image:height\" content=\"1200\" \/>\n\t<meta property=\"og:image:type\" content=\"image\/jpeg\" \/>\n<meta name=\"twitter:card\" content=\"summary_large_image\" \/>\n<meta name=\"twitter:label1\" content=\"Dur\u00e9e de lecture estim\u00e9e\" \/>\n\t<meta name=\"twitter:data1\" content=\"1 minute\" \/>\n<script type=\"application\/ld+json\" class=\"yoast-schema-graph\">{\"@context\":\"https:\\\/\\\/schema.org\",\"@graph\":[{\"@type\":\"WebPage\",\"@id\":\"https:\\\/\\\/sophia4africa.eu\\\/fr\\\/events\\\/sophia-au-festival-de-lenergie-et-du-climat-de-karlsruhe\\\/\",\"url\":\"https:\\\/\\\/sophia4africa.eu\\\/fr\\\/events\\\/sophia-au-festival-de-lenergie-et-du-climat-de-karlsruhe\\\/\",\"name\":\"SophiA au festival de l'\u00e9nergie et du climat de Karlsruhe - SophiA 4 Africa\",\"isPartOf\":{\"@id\":\"https:\\\/\\\/sophia4africa.eu\\\/fr\\\/#website\"},\"primaryImageOfPage\":{\"@id\":\"https:\\\/\\\/sophia4africa.eu\\\/fr\\\/events\\\/sophia-au-festival-de-lenergie-et-du-climat-de-karlsruhe\\\/#primaryimage\"},\"image\":{\"@id\":\"https:\\\/\\\/sophia4africa.eu\\\/fr\\\/events\\\/sophia-au-festival-de-lenergie-et-du-climat-de-karlsruhe\\\/#primaryimage\"},\"thumbnailUrl\":\"https:\\\/\\\/sophia4africa.eu\\\/wp-content\\\/uploads\\\/2024\\\/06\\\/1718896186653.jpg\",\"datePublished\":\"2024-06-27T13:11:31+00:00\",\"dateModified\":\"2024-08-06T13:51:15+00:00\",\"description\":\"Le festival de l'\u00e9nergie et du climat, qui s'est tenu le 15 juin \u00e0 Karlsruhe, a connu un succ\u00e8s retentissant, attirant des participants d'horizons divers qui partagent un engagement en faveur de la durabilit\u00e9 et de l'innovation environnementale\",\"breadcrumb\":{\"@id\":\"https:\\\/\\\/sophia4africa.eu\\\/fr\\\/events\\\/sophia-au-festival-de-lenergie-et-du-climat-de-karlsruhe\\\/#breadcrumb\"},\"inLanguage\":\"fr-FR\",\"potentialAction\":[{\"@type\":\"ReadAction\",\"target\":[\"https:\\\/\\\/sophia4africa.eu\\\/fr\\\/events\\\/sophia-au-festival-de-lenergie-et-du-climat-de-karlsruhe\\\/\"]}]},{\"@type\":\"ImageObject\",\"inLanguage\":\"fr-FR\",\"@id\":\"https:\\\/\\\/sophia4africa.eu\\\/fr\\\/events\\\/sophia-au-festival-de-lenergie-et-du-climat-de-karlsruhe\\\/#primaryimage\",\"url\":\"https:\\\/\\\/sophia4africa.eu\\\/wp-content\\\/uploads\\\/2024\\\/06\\\/1718896186653.jpg\",\"contentUrl\":\"https:\\\/\\\/sophia4africa.eu\\\/wp-content\\\/uploads\\\/2024\\\/06\\\/1718896186653.jpg\",\"width\":675,\"height\":1200},{\"@type\":\"BreadcrumbList\",\"@id\":\"https:\\\/\\\/sophia4africa.eu\\\/fr\\\/events\\\/sophia-au-festival-de-lenergie-et-du-climat-de-karlsruhe\\\/#breadcrumb\",\"itemListElement\":[{\"@type\":\"ListItem\",\"position\":1,\"name\":\"Home\",\"item\":\"https:\\\/\\\/sophia4africa.eu\\\/fr\\\/accueil\\\/\"},{\"@type\":\"ListItem\",\"position\":2,\"name\":\"\u00c9venements\",\"item\":\"https:\\\/\\\/sophia4africa.eu\\\/fr\\\/events\\\/\"},{\"@type\":\"ListItem\",\"position\":3,\"name\":\"SophiA au festival de l&#8217;\u00e9nergie et du climat de Karlsruhe\"}]},{\"@type\":\"WebSite\",\"@id\":\"https:\\\/\\\/sophia4africa.eu\\\/fr\\\/#website\",\"url\":\"https:\\\/\\\/sophia4africa.eu\\\/fr\\\/\",\"name\":\"SophiA 4 Africa\",\"description\":\"\",\"publisher\":{\"@id\":\"https:\\\/\\\/sophia4africa.eu\\\/fr\\\/#organization\"},\"potentialAction\":[{\"@type\":\"SearchAction\",\"target\":{\"@type\":\"EntryPoint\",\"urlTemplate\":\"https:\\\/\\\/sophia4africa.eu\\\/fr\\\/?s={search_term_string}\"},\"query-input\":{\"@type\":\"PropertyValueSpecification\",\"valueRequired\":true,\"valueName\":\"search_term_string\"}}],\"inLanguage\":\"fr-FR\"},{\"@type\":\"Organization\",\"@id\":\"https:\\\/\\\/sophia4africa.eu\\\/fr\\\/#organization\",\"name\":\"SophiA4Africa\",\"url\":\"https:\\\/\\\/sophia4africa.eu\\\/fr\\\/\",\"logo\":{\"@type\":\"ImageObject\",\"inLanguage\":\"fr-FR\",\"@id\":\"https:\\\/\\\/sophia4africa.eu\\\/fr\\\/#\\\/schema\\\/logo\\\/image\\\/\",\"url\":\"https:\\\/\\\/sophia4africa.eu\\\/wp-content\\\/uploads\\\/2022\\\/03\\\/logo-sophia-329x114-1.png\",\"contentUrl\":\"https:\\\/\\\/sophia4africa.eu\\\/wp-content\\\/uploads\\\/2022\\\/03\\\/logo-sophia-329x114-1.png\",\"width\":329,\"height\":114,\"caption\":\"SophiA4Africa\"},\"image\":{\"@id\":\"https:\\\/\\\/sophia4africa.eu\\\/fr\\\/#\\\/schema\\\/logo\\\/image\\\/\"},\"sameAs\":[\"https:\\\/\\\/www.facebook.com\\\/sophiA4Africa\"]}]}<\/script>\n<!-- \/ Yoast SEO plugin. -->","yoast_head_json":{"title":"SophiA au festival de l'\u00e9nergie et du climat de Karlsruhe - SophiA 4 Africa","description":"Le festival de l'\u00e9nergie et du climat, qui s'est tenu le 15 juin \u00e0 Karlsruhe, a connu un succ\u00e8s retentissant, attirant des participants d'horizons divers qui partagent un engagement en faveur de la durabilit\u00e9 et de l'innovation environnementale","robots":{"index":"index","follow":"follow","max-snippet":"max-snippet:-1","max-image-preview":"max-image-preview:large","max-video-preview":"max-video-preview:-1"},"canonical":"https:\/\/sophia4africa.eu\/fr\/events\/sophia-au-festival-de-lenergie-et-du-climat-de-karlsruhe\/","og_locale":"fr_FR","og_type":"article","og_title":"SophiA au festival de l'\u00e9nergie et du climat de Karlsruhe - SophiA 4 Africa","og_description":"Le festival de l'\u00e9nergie et du climat, qui s'est tenu le 15 juin \u00e0 Karlsruhe, a connu un succ\u00e8s retentissant, attirant des participants d'horizons divers qui partagent un engagement en faveur de la durabilit\u00e9 et de l'innovation environnementale","og_url":"https:\/\/sophia4africa.eu\/fr\/events\/sophia-au-festival-de-lenergie-et-du-climat-de-karlsruhe\/","og_site_name":"SophiA 4 Africa","article_publisher":"https:\/\/www.facebook.com\/sophiA4Africa","article_modified_time":"2024-08-06T13:51:15+00:00","og_image":[{"width":675,"height":1200,"url":"https:\/\/sophia4africa.eu\/wp-content\/uploads\/2024\/06\/1718896186653.jpg","type":"image\/jpeg"}],"twitter_card":"summary_large_image","twitter_misc":{"Dur\u00e9e de lecture estim\u00e9e":"1 minute"},"schema":{"@context":"https:\/\/schema.org","@graph":[{"@type":"WebPage","@id":"https:\/\/sophia4africa.eu\/fr\/events\/sophia-au-festival-de-lenergie-et-du-climat-de-karlsruhe\/","url":"https:\/\/sophia4africa.eu\/fr\/events\/sophia-au-festival-de-lenergie-et-du-climat-de-karlsruhe\/","name":"SophiA au festival de l'\u00e9nergie et du climat de Karlsruhe - SophiA 4 Africa","isPartOf":{"@id":"https:\/\/sophia4africa.eu\/fr\/#website"},"primaryImageOfPage":{"@id":"https:\/\/sophia4africa.eu\/fr\/events\/sophia-au-festival-de-lenergie-et-du-climat-de-karlsruhe\/#primaryimage"},"image":{"@id":"https:\/\/sophia4africa.eu\/fr\/events\/sophia-au-festival-de-lenergie-et-du-climat-de-karlsruhe\/#primaryimage"},"thumbnailUrl":"https:\/\/sophia4africa.eu\/wp-content\/uploads\/2024\/06\/1718896186653.jpg","datePublished":"2024-06-27T13:11:31+00:00","dateModified":"2024-08-06T13:51:15+00:00","description":"Le festival de l'\u00e9nergie et du climat, qui s'est tenu le 15 juin \u00e0 Karlsruhe, a connu un succ\u00e8s retentissant, attirant des participants d'horizons divers qui partagent un engagement en faveur de la durabilit\u00e9 et de l'innovation environnementale","breadcrumb":{"@id":"https:\/\/sophia4africa.eu\/fr\/events\/sophia-au-festival-de-lenergie-et-du-climat-de-karlsruhe\/#breadcrumb"},"inLanguage":"fr-FR","potentialAction":[{"@type":"ReadAction","target":["https:\/\/sophia4africa.eu\/fr\/events\/sophia-au-festival-de-lenergie-et-du-climat-de-karlsruhe\/"]}]},{"@type":"ImageObject","inLanguage":"fr-FR","@id":"https:\/\/sophia4africa.eu\/fr\/events\/sophia-au-festival-de-lenergie-et-du-climat-de-karlsruhe\/#primaryimage","url":"https:\/\/sophia4africa.eu\/wp-content\/uploads\/2024\/06\/1718896186653.jpg","contentUrl":"https:\/\/sophia4africa.eu\/wp-content\/uploads\/2024\/06\/1718896186653.jpg","width":675,"height":1200},{"@type":"BreadcrumbList","@id":"https:\/\/sophia4africa.eu\/fr\/events\/sophia-au-festival-de-lenergie-et-du-climat-de-karlsruhe\/#breadcrumb","itemListElement":[{"@type":"ListItem","position":1,"name":"Home","item":"https:\/\/sophia4africa.eu\/fr\/accueil\/"},{"@type":"ListItem","position":2,"name":"\u00c9venements","item":"https:\/\/sophia4africa.eu\/fr\/events\/"},{"@type":"ListItem","position":3,"name":"SophiA au festival de l&#8217;\u00e9nergie et du climat de Karlsruhe"}]},{"@type":"WebSite","@id":"https:\/\/sophia4africa.eu\/fr\/#website","url":"https:\/\/sophia4africa.eu\/fr\/","name":"SophiA 4 Africa","description":"","publisher":{"@id":"https:\/\/sophia4africa.eu\/fr\/#organization"},"potentialAction":[{"@type":"SearchAction","target":{"@type":"EntryPoint","urlTemplate":"https:\/\/sophia4africa.eu\/fr\/?s={search_term_string}"},"query-input":{"@type":"PropertyValueSpecification","valueRequired":true,"valueName":"search_term_string"}}],"inLanguage":"fr-FR"},{"@type":"Organization","@id":"https:\/\/sophia4africa.eu\/fr\/#organization","name":"SophiA4Africa","url":"https:\/\/sophia4africa.eu\/fr\/","logo":{"@type":"ImageObject","inLanguage":"fr-FR","@id":"https:\/\/sophia4africa.eu\/fr\/#\/schema\/logo\/image\/","url":"https:\/\/sophia4africa.eu\/wp-content\/uploads\/2022\/03\/logo-sophia-329x114-1.png","contentUrl":"https:\/\/sophia4africa.eu\/wp-content\/uploads\/2022\/03\/logo-sophia-329x114-1.png","width":329,"height":114,"caption":"SophiA4Africa"},"image":{"@id":"https:\/\/sophia4africa.eu\/fr\/#\/schema\/logo\/image\/"},"sameAs":["https:\/\/www.facebook.com\/sophiA4Africa"]}]}},"_links":{"self":[{"href":"https:\/\/sophia4africa.eu\/fr\/wp-json\/wp\/v2\/mec-events\/62303","targetHints":{"allow":["GET"]}}],"collection":[{"href":"https:\/\/sophia4africa.eu\/fr\/wp-json\/wp\/v2\/mec-events"}],"about":[{"href":"https:\/\/sophia4africa.eu\/fr\/wp-json\/wp\/v2\/types\/mec-events"}],"author":[{"embeddable":true,"href":"https:\/\/sophia4africa.eu\/fr\/wp-json\/wp\/v2\/users\/7"}],"replies":[{"embeddable":true,"href":"https:\/\/sophia4africa.eu\/fr\/wp-json\/wp\/v2\/comments?post=62303"}],"wp:featuredmedia":[{"embeddable":true,"href":"https:\/\/sophia4africa.eu\/fr\/wp-json\/wp\/v2\/media\/62305"}],"wp:attachment":[{"href":"https:\/\/sophia4africa.eu\/fr\/wp-json\/wp\/v2\/media?parent=62303"}],"wp:term":[{"taxonomy":"post_tag","embeddable":true,"href":"https:\/\/sophia4africa.eu\/fr\/wp-json\/wp\/v2\/tags?post=62303"},{"taxonomy":"mec_category","embeddable":true,"href":"https:\/\/sophia4africa.eu\/fr\/wp-json\/wp\/v2\/mec_category?post=62303"}],"curies":[{"name":"wp","href":"https:\/\/api.w.org\/{rel}","templated":true}]}}