{"id":59544,"date":"2022-04-11T09:49:49","date_gmt":"2022-04-11T07:49:49","guid":{"rendered":"https:\/\/sophia4africa.eu\/events\/15eme-conference-iif-gustav-lorentzen-sur-les-refrigerants-naturels\/"},"modified":"2022-06-07T18:18:28","modified_gmt":"2022-06-07T16:18:28","slug":"15eme-conference-iif-gustav-lorentzen-sur-les-refrigerants-naturels","status":"publish","type":"mec-events","link":"https:\/\/sophia4africa.eu\/fr\/events\/15eme-conference-iif-gustav-lorentzen-sur-les-refrigerants-naturels\/","title":{"rendered":"15\u00e8me Conf\u00e9rence IIF-Gustav Lorentzen sur les frigorig\u00e8nes naturels"},"content":{"rendered":"<p style=\"text-align: justify;\"><strong>L&rsquo;\u00e9quipe SophiA participera au GL 2022, \u00e0 Trondheim, en Norv\u00e8ge, du 13 au 15 juin 2022.<\/strong><\/p>\n<p style=\"text-align: justify;\"><em><strong>Venez nous rencontrer physiquement pour en savoir plus sur le projet !<\/strong><\/em><\/p>\n<p style=\"text-align: justify;\">La conf\u00e9rence biennale Gustav Lorentzen sur les r\u00e9frig\u00e9rants naturels est \u00e0 nouveau organis\u00e9e \u00e0 Trondheim, ville natale du professeur Gustav Lorentzen et berceau de la renaissance du CO2 comme frigorig\u00e8ne.<\/p>\n<p style=\"text-align: justify;\">Apr\u00e8s les conf\u00e9rences r\u00e9ussies de Hanovre 1994, Aarhus 1996, Oslo 1998, Purdue 2000, Guangzhou 2002, Glasgow 2004, Trondheim 2006, Copenhague 2008, Sydney 2010, Delft 2012, Hangzhou 2014, Edimbourg 2016, Valence 2018 et Kyoto 2020, la conf\u00e9rence est devenu un lieu de rencontre d&rsquo;importance mondiale pour plus de 350 experts de terrain issus de l&rsquo;industrie et de la recherche. La conf\u00e9rence compte g\u00e9n\u00e9ralement 120 pr\u00e9sentations orales en s\u00e9ances pl\u00e9ni\u00e8res et parall\u00e8les, et plus de 50 affiches ; elle accueille des conf\u00e9renciers de renomm\u00e9e mondiale, issus du monde de la science et de la politique.<\/p>\n<p><a href=\"https:\/\/www.sintef.no\/GL2022\/\" target=\"_blank\" rel=\"noopener\">https:\/\/www.sintef.no\/GL2022\/<\/a><\/p>\n<p>&nbsp;<\/p>\n","protected":false},"excerpt":{"rendered":"<p>L&rsquo;\u00e9quipe SophiA participera au GL 2022, \u00e0 Trondheim, en Norv\u00e8ge, du 13 au 15 juin 2022. Venez nous rencontrer physiquement pour en savoir plus sur le projet ! La conf\u00e9rence biennale Gustav Lorentzen sur les r\u00e9frig\u00e9rants naturels est \u00e0 nouveau organis\u00e9e \u00e0 Trondheim, ville natale du professeur Gustav Lorentzen et berceau de la renaissance du&hellip;<\/p>\n","protected":false},"author":1,"featured_media":58311,"comment_status":"open","ping_status":"closed","template":"","tags":[],"mec_category":[],"class_list":["post-59544","mec-events","type-mec-events","status-publish","has-post-thumbnail","hentry","description-off"],"yoast_head":"<!-- This site is optimized with the Yoast SEO plugin v27.3 - https:\/\/yoast.com\/product\/yoast-seo-wordpress\/ -->\n<title>15\u00e8me Conf\u00e9rence IIF-Gustav Lorentzen sur les frigorig\u00e8nes naturels - SophiA 4 Africa<\/title>\n<meta name=\"robots\" content=\"index, follow, max-snippet:-1, max-image-preview:large, max-video-preview:-1\" \/>\n<link rel=\"canonical\" href=\"https:\/\/sophia4africa.eu\/fr\/events\/15eme-conference-iif-gustav-lorentzen-sur-les-refrigerants-naturels\/\" \/>\n<meta property=\"og:locale\" content=\"fr_FR\" \/>\n<meta property=\"og:type\" content=\"article\" \/>\n<meta property=\"og:title\" content=\"15\u00e8me Conf\u00e9rence IIF-Gustav Lorentzen sur les frigorig\u00e8nes naturels - SophiA 4 Africa\" \/>\n<meta property=\"og:description\" content=\"L&rsquo;\u00e9quipe SophiA participera au GL 2022, \u00e0 Trondheim, en Norv\u00e8ge, du 13 au 15 juin 2022. Venez nous rencontrer physiquement pour en savoir plus sur le projet ! La conf\u00e9rence biennale Gustav Lorentzen sur les r\u00e9frig\u00e9rants naturels est \u00e0 nouveau organis\u00e9e \u00e0 Trondheim, ville natale du professeur Gustav Lorentzen et berceau de la renaissance du&hellip;\" \/>\n<meta property=\"og:url\" content=\"https:\/\/sophia4africa.eu\/fr\/events\/15eme-conference-iif-gustav-lorentzen-sur-les-refrigerants-naturels\/\" \/>\n<meta property=\"og:site_name\" content=\"SophiA 4 Africa\" \/>\n<meta property=\"article:publisher\" content=\"https:\/\/www.facebook.com\/sophiA4Africa\" \/>\n<meta property=\"article:modified_time\" content=\"2022-06-07T16:18:28+00:00\" \/>\n<meta property=\"og:image\" content=\"https:\/\/sophia4africa.eu\/wp-content\/uploads\/2022\/04\/hovedbilde2.jpeg\" \/>\n\t<meta property=\"og:image:width\" content=\"1600\" \/>\n\t<meta property=\"og:image:height\" content=\"518\" \/>\n\t<meta property=\"og:image:type\" content=\"image\/jpeg\" \/>\n<meta name=\"twitter:card\" content=\"summary_large_image\" \/>\n<meta name=\"twitter:label1\" content=\"Dur\u00e9e de lecture estim\u00e9e\" \/>\n\t<meta name=\"twitter:data1\" content=\"1 minute\" \/>\n<script type=\"application\/ld+json\" class=\"yoast-schema-graph\">{\"@context\":\"https:\\\/\\\/schema.org\",\"@graph\":[{\"@type\":\"WebPage\",\"@id\":\"https:\\\/\\\/sophia4africa.eu\\\/fr\\\/events\\\/15eme-conference-iif-gustav-lorentzen-sur-les-refrigerants-naturels\\\/\",\"url\":\"https:\\\/\\\/sophia4africa.eu\\\/fr\\\/events\\\/15eme-conference-iif-gustav-lorentzen-sur-les-refrigerants-naturels\\\/\",\"name\":\"15\u00e8me Conf\u00e9rence IIF-Gustav Lorentzen sur les frigorig\u00e8nes naturels - SophiA 4 Africa\",\"isPartOf\":{\"@id\":\"https:\\\/\\\/sophia4africa.eu\\\/fr\\\/#website\"},\"primaryImageOfPage\":{\"@id\":\"https:\\\/\\\/sophia4africa.eu\\\/fr\\\/events\\\/15eme-conference-iif-gustav-lorentzen-sur-les-refrigerants-naturels\\\/#primaryimage\"},\"image\":{\"@id\":\"https:\\\/\\\/sophia4africa.eu\\\/fr\\\/events\\\/15eme-conference-iif-gustav-lorentzen-sur-les-refrigerants-naturels\\\/#primaryimage\"},\"thumbnailUrl\":\"https:\\\/\\\/sophia4africa.eu\\\/wp-content\\\/uploads\\\/2022\\\/04\\\/hovedbilde2.jpeg\",\"datePublished\":\"2022-04-11T07:49:49+00:00\",\"dateModified\":\"2022-06-07T16:18:28+00:00\",\"breadcrumb\":{\"@id\":\"https:\\\/\\\/sophia4africa.eu\\\/fr\\\/events\\\/15eme-conference-iif-gustav-lorentzen-sur-les-refrigerants-naturels\\\/#breadcrumb\"},\"inLanguage\":\"fr-FR\",\"potentialAction\":[{\"@type\":\"ReadAction\",\"target\":[\"https:\\\/\\\/sophia4africa.eu\\\/fr\\\/events\\\/15eme-conference-iif-gustav-lorentzen-sur-les-refrigerants-naturels\\\/\"]}]},{\"@type\":\"ImageObject\",\"inLanguage\":\"fr-FR\",\"@id\":\"https:\\\/\\\/sophia4africa.eu\\\/fr\\\/events\\\/15eme-conference-iif-gustav-lorentzen-sur-les-refrigerants-naturels\\\/#primaryimage\",\"url\":\"https:\\\/\\\/sophia4africa.eu\\\/wp-content\\\/uploads\\\/2022\\\/04\\\/hovedbilde2.jpeg\",\"contentUrl\":\"https:\\\/\\\/sophia4africa.eu\\\/wp-content\\\/uploads\\\/2022\\\/04\\\/hovedbilde2.jpeg\",\"width\":1600,\"height\":518},{\"@type\":\"BreadcrumbList\",\"@id\":\"https:\\\/\\\/sophia4africa.eu\\\/fr\\\/events\\\/15eme-conference-iif-gustav-lorentzen-sur-les-refrigerants-naturels\\\/#breadcrumb\",\"itemListElement\":[{\"@type\":\"ListItem\",\"position\":1,\"name\":\"Home\",\"item\":\"https:\\\/\\\/sophia4africa.eu\\\/fr\\\/accueil\\\/\"},{\"@type\":\"ListItem\",\"position\":2,\"name\":\"\u00c9venements\",\"item\":\"https:\\\/\\\/sophia4africa.eu\\\/fr\\\/events\\\/\"},{\"@type\":\"ListItem\",\"position\":3,\"name\":\"15\u00e8me Conf\u00e9rence IIF-Gustav Lorentzen sur les frigorig\u00e8nes naturels\"}]},{\"@type\":\"WebSite\",\"@id\":\"https:\\\/\\\/sophia4africa.eu\\\/fr\\\/#website\",\"url\":\"https:\\\/\\\/sophia4africa.eu\\\/fr\\\/\",\"name\":\"SophiA 4 Africa\",\"description\":\"\",\"publisher\":{\"@id\":\"https:\\\/\\\/sophia4africa.eu\\\/fr\\\/#organization\"},\"potentialAction\":[{\"@type\":\"SearchAction\",\"target\":{\"@type\":\"EntryPoint\",\"urlTemplate\":\"https:\\\/\\\/sophia4africa.eu\\\/fr\\\/?s={search_term_string}\"},\"query-input\":{\"@type\":\"PropertyValueSpecification\",\"valueRequired\":true,\"valueName\":\"search_term_string\"}}],\"inLanguage\":\"fr-FR\"},{\"@type\":\"Organization\",\"@id\":\"https:\\\/\\\/sophia4africa.eu\\\/fr\\\/#organization\",\"name\":\"SophiA4Africa\",\"url\":\"https:\\\/\\\/sophia4africa.eu\\\/fr\\\/\",\"logo\":{\"@type\":\"ImageObject\",\"inLanguage\":\"fr-FR\",\"@id\":\"https:\\\/\\\/sophia4africa.eu\\\/fr\\\/#\\\/schema\\\/logo\\\/image\\\/\",\"url\":\"https:\\\/\\\/sophia4africa.eu\\\/wp-content\\\/uploads\\\/2022\\\/03\\\/logo-sophia-329x114-1.png\",\"contentUrl\":\"https:\\\/\\\/sophia4africa.eu\\\/wp-content\\\/uploads\\\/2022\\\/03\\\/logo-sophia-329x114-1.png\",\"width\":329,\"height\":114,\"caption\":\"SophiA4Africa\"},\"image\":{\"@id\":\"https:\\\/\\\/sophia4africa.eu\\\/fr\\\/#\\\/schema\\\/logo\\\/image\\\/\"},\"sameAs\":[\"https:\\\/\\\/www.facebook.com\\\/sophiA4Africa\"]}]}<\/script>\n<!-- \/ Yoast SEO plugin. -->","yoast_head_json":{"title":"15\u00e8me Conf\u00e9rence IIF-Gustav Lorentzen sur les frigorig\u00e8nes naturels - SophiA 4 Africa","robots":{"index":"index","follow":"follow","max-snippet":"max-snippet:-1","max-image-preview":"max-image-preview:large","max-video-preview":"max-video-preview:-1"},"canonical":"https:\/\/sophia4africa.eu\/fr\/events\/15eme-conference-iif-gustav-lorentzen-sur-les-refrigerants-naturels\/","og_locale":"fr_FR","og_type":"article","og_title":"15\u00e8me Conf\u00e9rence IIF-Gustav Lorentzen sur les frigorig\u00e8nes naturels - SophiA 4 Africa","og_description":"L&rsquo;\u00e9quipe SophiA participera au GL 2022, \u00e0 Trondheim, en Norv\u00e8ge, du 13 au 15 juin 2022. Venez nous rencontrer physiquement pour en savoir plus sur le projet ! La conf\u00e9rence biennale Gustav Lorentzen sur les r\u00e9frig\u00e9rants naturels est \u00e0 nouveau organis\u00e9e \u00e0 Trondheim, ville natale du professeur Gustav Lorentzen et berceau de la renaissance du&hellip;","og_url":"https:\/\/sophia4africa.eu\/fr\/events\/15eme-conference-iif-gustav-lorentzen-sur-les-refrigerants-naturels\/","og_site_name":"SophiA 4 Africa","article_publisher":"https:\/\/www.facebook.com\/sophiA4Africa","article_modified_time":"2022-06-07T16:18:28+00:00","og_image":[{"width":1600,"height":518,"url":"https:\/\/sophia4africa.eu\/wp-content\/uploads\/2022\/04\/hovedbilde2.jpeg","type":"image\/jpeg"}],"twitter_card":"summary_large_image","twitter_misc":{"Dur\u00e9e de lecture estim\u00e9e":"1 minute"},"schema":{"@context":"https:\/\/schema.org","@graph":[{"@type":"WebPage","@id":"https:\/\/sophia4africa.eu\/fr\/events\/15eme-conference-iif-gustav-lorentzen-sur-les-refrigerants-naturels\/","url":"https:\/\/sophia4africa.eu\/fr\/events\/15eme-conference-iif-gustav-lorentzen-sur-les-refrigerants-naturels\/","name":"15\u00e8me Conf\u00e9rence IIF-Gustav Lorentzen sur les frigorig\u00e8nes naturels - SophiA 4 Africa","isPartOf":{"@id":"https:\/\/sophia4africa.eu\/fr\/#website"},"primaryImageOfPage":{"@id":"https:\/\/sophia4africa.eu\/fr\/events\/15eme-conference-iif-gustav-lorentzen-sur-les-refrigerants-naturels\/#primaryimage"},"image":{"@id":"https:\/\/sophia4africa.eu\/fr\/events\/15eme-conference-iif-gustav-lorentzen-sur-les-refrigerants-naturels\/#primaryimage"},"thumbnailUrl":"https:\/\/sophia4africa.eu\/wp-content\/uploads\/2022\/04\/hovedbilde2.jpeg","datePublished":"2022-04-11T07:49:49+00:00","dateModified":"2022-06-07T16:18:28+00:00","breadcrumb":{"@id":"https:\/\/sophia4africa.eu\/fr\/events\/15eme-conference-iif-gustav-lorentzen-sur-les-refrigerants-naturels\/#breadcrumb"},"inLanguage":"fr-FR","potentialAction":[{"@type":"ReadAction","target":["https:\/\/sophia4africa.eu\/fr\/events\/15eme-conference-iif-gustav-lorentzen-sur-les-refrigerants-naturels\/"]}]},{"@type":"ImageObject","inLanguage":"fr-FR","@id":"https:\/\/sophia4africa.eu\/fr\/events\/15eme-conference-iif-gustav-lorentzen-sur-les-refrigerants-naturels\/#primaryimage","url":"https:\/\/sophia4africa.eu\/wp-content\/uploads\/2022\/04\/hovedbilde2.jpeg","contentUrl":"https:\/\/sophia4africa.eu\/wp-content\/uploads\/2022\/04\/hovedbilde2.jpeg","width":1600,"height":518},{"@type":"BreadcrumbList","@id":"https:\/\/sophia4africa.eu\/fr\/events\/15eme-conference-iif-gustav-lorentzen-sur-les-refrigerants-naturels\/#breadcrumb","itemListElement":[{"@type":"ListItem","position":1,"name":"Home","item":"https:\/\/sophia4africa.eu\/fr\/accueil\/"},{"@type":"ListItem","position":2,"name":"\u00c9venements","item":"https:\/\/sophia4africa.eu\/fr\/events\/"},{"@type":"ListItem","position":3,"name":"15\u00e8me Conf\u00e9rence IIF-Gustav Lorentzen sur les frigorig\u00e8nes naturels"}]},{"@type":"WebSite","@id":"https:\/\/sophia4africa.eu\/fr\/#website","url":"https:\/\/sophia4africa.eu\/fr\/","name":"SophiA 4 Africa","description":"","publisher":{"@id":"https:\/\/sophia4africa.eu\/fr\/#organization"},"potentialAction":[{"@type":"SearchAction","target":{"@type":"EntryPoint","urlTemplate":"https:\/\/sophia4africa.eu\/fr\/?s={search_term_string}"},"query-input":{"@type":"PropertyValueSpecification","valueRequired":true,"valueName":"search_term_string"}}],"inLanguage":"fr-FR"},{"@type":"Organization","@id":"https:\/\/sophia4africa.eu\/fr\/#organization","name":"SophiA4Africa","url":"https:\/\/sophia4africa.eu\/fr\/","logo":{"@type":"ImageObject","inLanguage":"fr-FR","@id":"https:\/\/sophia4africa.eu\/fr\/#\/schema\/logo\/image\/","url":"https:\/\/sophia4africa.eu\/wp-content\/uploads\/2022\/03\/logo-sophia-329x114-1.png","contentUrl":"https:\/\/sophia4africa.eu\/wp-content\/uploads\/2022\/03\/logo-sophia-329x114-1.png","width":329,"height":114,"caption":"SophiA4Africa"},"image":{"@id":"https:\/\/sophia4africa.eu\/fr\/#\/schema\/logo\/image\/"},"sameAs":["https:\/\/www.facebook.com\/sophiA4Africa"]}]}},"_links":{"self":[{"href":"https:\/\/sophia4africa.eu\/fr\/wp-json\/wp\/v2\/mec-events\/59544","targetHints":{"allow":["GET"]}}],"collection":[{"href":"https:\/\/sophia4africa.eu\/fr\/wp-json\/wp\/v2\/mec-events"}],"about":[{"href":"https:\/\/sophia4africa.eu\/fr\/wp-json\/wp\/v2\/types\/mec-events"}],"author":[{"embeddable":true,"href":"https:\/\/sophia4africa.eu\/fr\/wp-json\/wp\/v2\/users\/1"}],"replies":[{"embeddable":true,"href":"https:\/\/sophia4africa.eu\/fr\/wp-json\/wp\/v2\/comments?post=59544"}],"wp:featuredmedia":[{"embeddable":true,"href":"https:\/\/sophia4africa.eu\/fr\/wp-json\/wp\/v2\/media\/58311"}],"wp:attachment":[{"href":"https:\/\/sophia4africa.eu\/fr\/wp-json\/wp\/v2\/media?parent=59544"}],"wp:term":[{"taxonomy":"post_tag","embeddable":true,"href":"https:\/\/sophia4africa.eu\/fr\/wp-json\/wp\/v2\/tags?post=59544"},{"taxonomy":"mec_category","embeddable":true,"href":"https:\/\/sophia4africa.eu\/fr\/wp-json\/wp\/v2\/mec_category?post=59544"}],"curies":[{"name":"wp","href":"https:\/\/api.w.org\/{rel}","templated":true}]}}