{"version":"1.0","provider_name":"SophiA 4 Africa","provider_url":"https:\/\/sophia4africa.eu\/fr\/","author_name":"p.devernati@iifiir.org","author_url":"https:\/\/sophia4africa.eu\/fr\/author\/p-devernatiiifiir-org\/","title":"SophiA \u00e0 la COP 28 \u00e0 Duba\u00ef - SophiA 4 Africa","type":"rich","width":600,"height":338,"html":"<blockquote class=\"wp-embedded-content\" data-secret=\"fUsZmKW1lk\"><a href=\"https:\/\/sophia4africa.eu\/fr\/events\/sophia-a-la-cop-28-a-dubai\/\">SophiA \u00e0 la COP 28 \u00e0 Duba\u00ef<\/a><\/blockquote><iframe sandbox=\"allow-scripts\" security=\"restricted\" src=\"https:\/\/sophia4africa.eu\/fr\/events\/sophia-a-la-cop-28-a-dubai\/embed\/#?secret=fUsZmKW1lk\" width=\"600\" height=\"338\" title=\"\u00ab\u00a0SophiA \u00e0 la COP 28 \u00e0 Duba\u00ef\u00a0\u00bb &#8212; SophiA 4 Africa\" data-secret=\"fUsZmKW1lk\" frameborder=\"0\" marginwidth=\"0\" marginheight=\"0\" scrolling=\"no\" class=\"wp-embedded-content\"><\/iframe><script>\n\/*! This file is auto-generated *\/\n!function(d,l){\"use strict\";l.querySelector&&d.addEventListener&&\"undefined\"!=typeof URL&&(d.wp=d.wp||{},d.wp.receiveEmbedMessage||(d.wp.receiveEmbedMessage=function(e){var t=e.data;if((t||t.secret||t.message||t.value)&&!\/[^a-zA-Z0-9]\/.test(t.secret)){for(var s,r,n,a=l.querySelectorAll('iframe[data-secret=\"'+t.secret+'\"]'),o=l.querySelectorAll('blockquote[data-secret=\"'+t.secret+'\"]'),c=new RegExp(\"^https?:$\",\"i\"),i=0;i<o.length;i++)o[i].style.display=\"none\";for(i=0;i<a.length;i++)s=a[i],e.source===s.contentWindow&&(s.removeAttribute(\"style\"),\"height\"===t.message?(1e3<(r=parseInt(t.value,10))?r=1e3:~~r<200&&(r=200),s.height=r):\"link\"===t.message&&(r=new URL(s.getAttribute(\"src\")),n=new URL(t.value),c.test(n.protocol))&&n.host===r.host&&l.activeElement===s&&(d.top.location.href=t.value))}},d.addEventListener(\"message\",d.wp.receiveEmbedMessage,!1),l.addEventListener(\"DOMContentLoaded\",function(){for(var e,t,s=l.querySelectorAll(\"iframe.wp-embedded-content\"),r=0;r<s.length;r++)(t=(e=s[r]).getAttribute(\"data-secret\"))||(t=Math.random().toString(36).substring(2,12),e.src+=\"#?secret=\"+t,e.setAttribute(\"data-secret\",t)),e.contentWindow.postMessage({message:\"ready\",secret:t},\"*\")},!1)))}(window,document);\n\/\/# sourceURL=https:\/\/sophia4africa.eu\/wp-includes\/js\/wp-embed.min.js\n<\/script>\n","thumbnail_url":"https:\/\/sophia4africa.eu\/wp-content\/uploads\/2023\/09\/ImageCOP28.png","thumbnail_width":311,"thumbnail_height":156,"description":"SophiA \u00e0 la COP 28 \u00e0 Duba\u00ef La Conf\u00e9rence des Nations Unies sur le changement climatique de 2023 ou Conf\u00e9rence des Parties de la CCNUCC, plus commun\u00e9ment appel\u00e9e COP28, sera la 28e conf\u00e9rence des Nations Unies sur le changement climatique et se tiendra du 30 novembre au 12 d\u00e9cembre 2023, \u00e0 l'Expo City de Duba\u00ef."}