{"version":"1.0","provider_name":"SophiA 4 Africa","provider_url":"https:\/\/sophia4africa.eu\/fr\/","author_name":"gerard.billong","author_url":"https:\/\/sophia4africa.eu\/fr\/author\/gerard-billong\/","title":"Participation de SophiA aux \u00e9v\u00e9nements de d\u00e9cembre - SophiA 4 Africa","type":"rich","width":600,"height":338,"html":"<blockquote class=\"wp-embedded-content\" data-secret=\"XmqnLCkGe4\"><a href=\"https:\/\/sophia4africa.eu\/fr\/2024\/01\/23\/participation-de-sophia-aux-evenements-de-decembre\/\">Participation de SophiA aux \u00e9v\u00e9nements de d\u00e9cembre<\/a><\/blockquote><iframe sandbox=\"allow-scripts\" security=\"restricted\" src=\"https:\/\/sophia4africa.eu\/fr\/2024\/01\/23\/participation-de-sophia-aux-evenements-de-decembre\/embed\/#?secret=XmqnLCkGe4\" width=\"600\" height=\"338\" title=\"\u00ab\u00a0Participation de SophiA aux \u00e9v\u00e9nements de d\u00e9cembre\u00a0\u00bb &#8212; SophiA 4 Africa\" data-secret=\"XmqnLCkGe4\" frameborder=\"0\" marginwidth=\"0\" marginheight=\"0\" scrolling=\"no\" class=\"wp-embedded-content\"><\/iframe><script>\n\/*! This file is auto-generated *\/\n!function(d,l){\"use strict\";l.querySelector&&d.addEventListener&&\"undefined\"!=typeof URL&&(d.wp=d.wp||{},d.wp.receiveEmbedMessage||(d.wp.receiveEmbedMessage=function(e){var t=e.data;if((t||t.secret||t.message||t.value)&&!\/[^a-zA-Z0-9]\/.test(t.secret)){for(var s,r,n,a=l.querySelectorAll('iframe[data-secret=\"'+t.secret+'\"]'),o=l.querySelectorAll('blockquote[data-secret=\"'+t.secret+'\"]'),c=new RegExp(\"^https?:$\",\"i\"),i=0;i<o.length;i++)o[i].style.display=\"none\";for(i=0;i<a.length;i++)s=a[i],e.source===s.contentWindow&&(s.removeAttribute(\"style\"),\"height\"===t.message?(1e3<(r=parseInt(t.value,10))?r=1e3:~~r<200&&(r=200),s.height=r):\"link\"===t.message&&(r=new URL(s.getAttribute(\"src\")),n=new URL(t.value),c.test(n.protocol))&&n.host===r.host&&l.activeElement===s&&(d.top.location.href=t.value))}},d.addEventListener(\"message\",d.wp.receiveEmbedMessage,!1),l.addEventListener(\"DOMContentLoaded\",function(){for(var e,t,s=l.querySelectorAll(\"iframe.wp-embedded-content\"),r=0;r<s.length;r++)(t=(e=s[r]).getAttribute(\"data-secret\"))||(t=Math.random().toString(36).substring(2,12),e.src+=\"#?secret=\"+t,e.setAttribute(\"data-secret\",t)),e.contentWindow.postMessage({message:\"ready\",secret:t},\"*\")},!1)))}(window,document);\n\/\/# sourceURL=https:\/\/sophia4africa.eu\/wp-includes\/js\/wp-embed.min.js\n<\/script>\n","thumbnail_url":"https:\/\/sophia4africa.eu\/wp-content\/uploads\/2024\/01\/sophiA-event-dec.png","thumbnail_width":522,"thumbnail_height":693,"description":"Le premier \u00e9v\u00e9nement a \u00e9t\u00e9 le congr\u00e8s et l'exposition sur l'eau et le d\u00e9veloppement, qui se sont tenus \u00e0 Kigali (Rwanda) du 10 au 14 d\u00e9cembre 2023. Cet \u00e9v\u00e9nement \u00e9tait organis\u00e9 par l'Association internationale de l'eau (IWA)."}