{"version":"1.0","provider_name":"SophiA 4 Africa","provider_url":"https:\/\/sophia4africa.eu\/de\/","author_name":"Francisca Rodriguez","author_url":"https:\/\/sophia4africa.eu\/de\/author\/f-rodriguez\/","title":"SophiA st\u00e4rkt Zusammenarbeit mit Senegal - SophiA 4 Africa","type":"rich","width":600,"height":338,"html":"<blockquote class=\"wp-embedded-content\" data-secret=\"92V8U5f5XX\"><a href=\"https:\/\/sophia4africa.eu\/de\/2025\/09\/26\/sophia-staerkt-zusammenarbeit-mit-senegal\/\">SophiA st\u00e4rkt Zusammenarbeit mit Senegal<\/a><\/blockquote><iframe sandbox=\"allow-scripts\" security=\"restricted\" src=\"https:\/\/sophia4africa.eu\/de\/2025\/09\/26\/sophia-staerkt-zusammenarbeit-mit-senegal\/embed\/#?secret=92V8U5f5XX\" width=\"600\" height=\"338\" title=\"&#8222;SophiA st\u00e4rkt Zusammenarbeit mit Senegal&#8220; &#8211; SophiA 4 Africa\" data-secret=\"92V8U5f5XX\" frameborder=\"0\" marginwidth=\"0\" marginheight=\"0\" scrolling=\"no\" class=\"wp-embedded-content\"><\/iframe><script>\n\/*! This file is auto-generated *\/\n!function(d,l){\"use strict\";l.querySelector&&d.addEventListener&&\"undefined\"!=typeof URL&&(d.wp=d.wp||{},d.wp.receiveEmbedMessage||(d.wp.receiveEmbedMessage=function(e){var t=e.data;if((t||t.secret||t.message||t.value)&&!\/[^a-zA-Z0-9]\/.test(t.secret)){for(var s,r,n,a=l.querySelectorAll('iframe[data-secret=\"'+t.secret+'\"]'),o=l.querySelectorAll('blockquote[data-secret=\"'+t.secret+'\"]'),c=new RegExp(\"^https?:$\",\"i\"),i=0;i<o.length;i++)o[i].style.display=\"none\";for(i=0;i<a.length;i++)s=a[i],e.source===s.contentWindow&&(s.removeAttribute(\"style\"),\"height\"===t.message?(1e3<(r=parseInt(t.value,10))?r=1e3:~~r<200&&(r=200),s.height=r):\"link\"===t.message&&(r=new URL(s.getAttribute(\"src\")),n=new URL(t.value),c.test(n.protocol))&&n.host===r.host&&l.activeElement===s&&(d.top.location.href=t.value))}},d.addEventListener(\"message\",d.wp.receiveEmbedMessage,!1),l.addEventListener(\"DOMContentLoaded\",function(){for(var e,t,s=l.querySelectorAll(\"iframe.wp-embedded-content\"),r=0;r<s.length;r++)(t=(e=s[r]).getAttribute(\"data-secret\"))||(t=Math.random().toString(36).substring(2,12),e.src+=\"#?secret=\"+t,e.setAttribute(\"data-secret\",t)),e.contentWindow.postMessage({message:\"ready\",secret:t},\"*\")},!1)))}(window,document);\n\/\/# sourceURL=https:\/\/sophia4africa.eu\/wp-includes\/js\/wp-embed.min.js\n<\/script>\n","thumbnail_url":"https:\/\/sophia4africa.eu\/wp-content\/uploads\/2025\/09\/Monument-de-la-renaissance.jpg","thumbnail_width":461,"thumbnail_height":510,"description":"Am 16. September 2025, vor seiner Reise nach Gambia f\u00fcr die ESEF-Mission 2025, machte der Generaldirektor des Internationalen Instituts f\u00fcr K\u00e4ltetechnik (IIR), Yosr Allouche, einen strategischen Zwischenstopp in Dakar, Senegal. Ziel des Besuchs war es, mit wichtigen senegalesischen Interessengruppen ins Gespr\u00e4ch zu kommen, die gro\u00dfes Interesse an den Ergebnissen und zuk\u00fcnftigen Kooperationsm\u00f6glichkeiten des von der&hellip;"}